{"id":1960,"date":"2018-05-03T18:14:26","date_gmt":"2018-05-03T16:14:26","guid":{"rendered":"https:\/\/www.wspl.bielsko.pl\/?page_id=1960"},"modified":"2026-04-09T08:48:18","modified_gmt":"2026-04-09T06:48:18","slug":"poz","status":"publish","type":"page","link":"https:\/\/www.wspl.bielsko.pl\/site\/poz\/","title":{"rendered":"Podstawowa Opieka Zdrowotna POZ"},"content":{"rendered":"<div class=\"wpb-content-wrapper\">[vc_row css=&#8221;.vc_custom_1529658307881{margin-top: -276px !important;}&#8221;][vc_column][vc_row_inner gap=&#8221;10&#8243;][vc_column_inner width=&#8221;1\/3&#8243;][ucaddon_uc_image_link_carousel_content title=&#8221;Nasze poradnie&#8221; image=&#8221;1885&#8243; btn_text=&#8221;Lekarze \u2192&#8221; btn_bg_color=&#8221;#2394f0&#8243; title_color=&#8221;#2394f0&#8243; content_color=&#8221;#666666&#8243; link=&#8221;\/site\/#page&#8221; uc_fonts_data=&#8221;JTdCJTIydGl0bGUlMjIlM0ElN0IlMjJmb250LWZhbWlseSUyMiUzQSUyMlJvYm90byUyMiUyQyUyMmZvbnQtd2VpZ2h0JTIyJTNBJTIyNjAwJTIyJTJDJTIyZm9udC1zaXplJTIyJTNBJTIyMjBweCUyMiU3RCUyQyUyMmJ0bl90ZXh0JTIyJTNBJTdCJTIyZm9udC1mYW1pbHklMjIlM0ElMjJSb2JvdG8lMjIlN0QlN0Q=&#8221;]Lekarze specjali\u015bci r\u00f3\u017cnych dziedzin medycyny w ramach umowy zawartej przez Przychodni\u0119 z Narodowym Funduszem Zdrowia udzielaj\u0105 \u015bwiadcze\u0144 w poradniach specjalistycznych.[\/ucaddon_uc_image_link_carousel_content][\/vc_column_inner][vc_column_inner width=&#8221;1\/3&#8243;][ucaddon_uc_image_link_carousel_content title=&#8221;Godziny pracy&#8221; image=&#8221;1886&#8243; btn_text=&#8221;Zobacz \u2192&#8221; btn_bg_color=&#8221;#016bc1&#8243; title_color=&#8221;#016bc1&#8243; content_color=&#8221;#666666&#8243; link=&#8221;\/site\/poz#page&#8221; uc_fonts_data=&#8221;JTdCJTIydGl0bGUlMjIlM0ElN0IlMjJmb250LWZhbWlseSUyMiUzQSUyMlJvYm90byUyMiUyQyUyMmZvbnQtd2VpZ2h0JTIyJTNBJTIyNjAwJTIyJTJDJTIyZm9udC1zaXplJTIyJTNBJTIyMjBweCUyMiU3RCUyQyUyMmJ0bl90ZXh0JTIyJTNBJTdCJTIyZm9udC1mYW1pbHklMjIlM0ElMjJSb2JvdG8lMjIlN0QlN0Q=&#8221;]\u015awiadczymy us\u0142ugi zdrowotne z zakresu: podstawowej opieki zdrowotnej w zakresie porad zdrowotnych, profilaktyki, leczenia i opieki nad dzie\u0107mi i doros\u0142ymi. Posiadamy kontrakt z NFZ.[\/ucaddon_uc_image_link_carousel_content][\/vc_column_inner][vc_column_inner width=&#8221;1\/3&#8243;][ucaddon_uc_image_link_carousel_content title=&#8221;O nas&#8221; image=&#8221;1887&#8243; btn_text=&#8221;Wi\u0119cej \u2192&#8221; btn_bg_color=&#8221;#044f8b&#8221; title_color=&#8221;#044f8b&#8221; content_color=&#8221;#666666&#8243; link=&#8221;\/site\/o-nas#page&#8221; uc_fonts_data=&#8221;JTdCJTIydGl0bGUlMjIlM0ElN0IlMjJmb250LWZhbWlseSUyMiUzQSUyMlJvYm90byUyMiUyQyUyMmZvbnQtd2VpZ2h0JTIyJTNBJTIyNjAwJTIyJTJDJTIyZm9udC1zaXplJTIyJTNBJTIyMjBweCUyMiU3RCUyQyUyMmJ0bl90ZXh0JTIyJTNBJTdCJTIyZm9udC1mYW1pbHklMjIlM0ElMjJSb2JvdG8lMjIlN0QlN0Q=&#8221;]POZ jest kom\u00f3rk\u0105 organizacyjn\u0105 pierwszego kontaktu, przyjmuj\u0105c\u0105 nieodp\u0142atnie pacjent\u00f3w ubezpieczonych: mundurowych oraz osoby cywile, na takich samych zasadach.[\/ucaddon_uc_image_link_carousel_content][\/vc_column_inner][\/vc_row_inner][\/vc_column][\/vc_row][vc_row css=&#8221;.vc_custom_1525773188620{margin-bottom: 35px !important;padding-bottom: 0px !important;}&#8221;][vc_column width=&#8221;2\/3&#8243; css=&#8221;.vc_custom_1525767057164{padding-right: 45px !important;padding-left: 15px !important;}&#8221;]<!-- Breadcrumbs --><div class=\"breadcrumbs\" id=\"page\"><div class=\"container\"><span class=\"parent\"><a href=\"https:\/\/www.wspl.bielsko.pl\/site\/\">Strona g\u0142\u00f3wna<\/a><\/span><span class=\"child\">Strona<\/span><\/div><\/div>[vc_empty_space][vc_custom_heading text=&#8221;Podstawowa Opieka Zdrowotna&#8221; font_container=&#8221;tag:h1|text_align:left&#8221; use_theme_fonts=&#8221;yes&#8221; css=&#8221;.vc_custom_1528360608026{margin-top: 0px !important;padding-top: 0px !important;}&#8221;][vc_separator color=&#8221;custom&#8221; align=&#8221;align_left&#8221; border_width=&#8221;2&#8243; el_width=&#8221;20&#8243; css=&#8221;.vc_custom_1529658402330{margin-top: 25px !important;margin-bottom: 50px !important;}&#8221; accent_color=&#8221;#2394f0&#8243;][vc_column_text]\u015awiadczymy us\u0142ugi zdrowotne z zakresu: podstawowej opieki zdrowotnej &#8211; posiadamy kontrakt z NFZ. Zesp\u00f3\u0142 lekarzy i piel\u0119gniarek \u015bwiadczy podstawow\u0105 pomoc pacjentom w zakresie porad zdrowotnych, profilaktyki, leczenia i opieki nad dzie\u0107mi i doros\u0142ymi.<\/p>\n<p><strong>POZ jest kom\u00f3rk\u0105 organizacyjn\u0105 pierwszego kontaktu <u>og\u00f3lnodost\u0119pn\u0105<\/u> przyjmuj\u0105c\u0105 nieodp\u0142atnie pacjent\u00f3w ubezpieczonych: mundurowych oraz osoby cywile, na takich samych zasadach.<\/strong><\/p>\n<p>Rejestracja pacjent\u00f3w odbywa si\u0119 osobi\u015bcie lub telefonicznie na um\u00f3wiony termin.<\/p>\n<h3><\/h3>\n<p><strong>W sk\u0142ad zespo\u0142u POZ wchodz\u0105:<\/strong><\/p>\n<ol>\n<li>Gabinety lekarzy POZ<\/li>\n<li>Gabinet piel\u0119gniarek i po\u0142o\u017cnych \u015brodowiskowych<\/li>\n<li>Gabinet zabiegowy<\/li>\n<li>Gabinet szczepie\u0144<\/li>\n<\/ol>\n<p>Prosimy o zg\u0142oszenie si\u0119 do rejestracji POZ lub sekretariatu celem z\u0142o\u017cenia deklaracji wyboru do lekarza POZ.[\/vc_column_text][vc_custom_heading text=&#8221;Zapisy do POZ&#8221; font_container=&#8221;tag:h3|text_align:left&#8221; use_theme_fonts=&#8221;yes&#8221; css=&#8221;.vc_custom_1528360451606{margin-top: 0px !important;padding-top: 0px !important;}&#8221;][vc_separator color=&#8221;custom&#8221; align=&#8221;align_left&#8221; border_width=&#8221;2&#8243; el_width=&#8221;20&#8243; css=&#8221;.vc_custom_1529658414605{margin-top: 25px !important;margin-bottom: 50px !important;}&#8221; accent_color=&#8221;#2394f0&#8243;][vc_column_text]Zapraszamy do dokonania wyboru lekarza Podstawowej Opieki Lekarskiej dla siebie i dla os\u00f3b doros\u0142ych z Pa\u0144stwa Rodzin . Deklaracj\u0119 mo\u017cna z\u0142o\u017cy\u0107 w dniu zapisu do lekarza lub wcze\u015bniej w rejestracji lub sekretariacie przychodni.<\/p>\n<p>Na wizyt\u0119 mo\u017cna zapisa\u0107 si\u0119 osobi\u015bcie lub telefonicznie.<\/p>\n<p>Podstawowa\u00a0 Opieka\u00a0 Zdrowotna\u00a0 WSPL SPZOZ\u00a0 Bielsko-Bia\u0142a<br \/>\nRejestracja og\u00f3lna: tel. (33) 821 02 29 wew. 222 lub 223[\/vc_column_text][vc_column_text]\n<table width=\"100%\" cellspacing=\"10\" cellpadding=\"10\">\n<tbody>\n<tr>\n<th style=\"text-align: left;\" valign=\"top\" width=\"15%\">Lekarze POZ<\/th>\n<th valign=\"top\" width=\"17%\">Poniedzia\u0142ek<\/th>\n<th valign=\"top\" width=\"17%\">Wtorek<\/th>\n<th valign=\"top\" width=\"17%\">\u015aroda<\/th>\n<th valign=\"top\" width=\"17%\">Czwartek<\/th>\n<th valign=\"top\" width=\"17%\">Pi\u0105tek<\/th>\n<\/tr>\n<tr>\n<td valign=\"top\" width=\"15%\">Urszula Dr\u0105\u017ckiewicz<\/td>\n<td style=\"text-align: center;\" colspan=\"5\" valign=\"middle\" width=\"85%\">opieka nad DPS<\/td>\n<\/tr>\n<tr>\n<td valign=\"top\" width=\"15%\">Beata La\u0144ska-Zaporowska<\/td>\n<td style=\"text-align: center;\" colspan=\"5\" valign=\"middle\" width=\"85%\">wg ustalonego grafiku miesi\u0119cznego<\/td>\n<\/tr>\n<tr>\n<td valign=\"top\" width=\"15%\">dr Anna Sekta<\/td>\n<td style=\"text-align: center;\" colspan=\"5\" valign=\"middle\" width=\"85%\">wg ustalonego grafiku miesi\u0119cznego<\/td>\n<\/tr>\n<tr>\n<td valign=\"top\" width=\"15%\">Marek Mleczko<\/td>\n<td style=\"text-align: center;\" colspan=\"5\" valign=\"middle\" width=\"85%\">wg ustalonego grafiku miesi\u0119cznego<\/td>\n<\/tr>\n<tr>\n<td valign=\"top\" width=\"15%\">Lilia\u00a0 P\u0142aza<\/td>\n<td style=\"text-align: center;\" colspan=\"5\" valign=\"middle\" width=\"85%\">wg ustalonego grafiku miesi\u0119cznego<\/td>\n<\/tr>\n<tr>\n<td valign=\"top\" width=\"15%\">Maria Osmecka<\/td>\n<td style=\"text-align: center;\" colspan=\"5\" valign=\"middle\" width=\"85%\">wg ustalonego grafiku miesi\u0119cznego<\/td>\n<\/tr>\n<\/tbody>\n<\/table>\n[\/vc_column_text][vc_custom_heading text=&#8221;Moje Zdrowie w POZ&#8221; font_container=&#8221;tag:h3|text_align:left&#8221; use_theme_fonts=&#8221;yes&#8221; css=&#8221;.vc_custom_1775717268503{margin-top: 0px !important;padding-top: 0px !important;}&#8221;][vc_separator color=&#8221;custom&#8221; align=&#8221;align_left&#8221; border_width=&#8221;2&#8243; el_width=&#8221;20&#8243; css=&#8221;.vc_custom_1529658414605{margin-top: 25px !important;margin-bottom: 50px !important;}&#8221; accent_color=&#8221;#2394f0&#8243;][vc_column_text css=&#8221;&#8221;]\n<p class=\"font-claude-response-body break-words whitespace-normal leading-[1.7]\">Od maja 2025 roku w naszej przychodni dost\u0119pny jest nowy program profilaktyczny Ministerstwa Zdrowia <strong>\u201eMoje Zdrowie \u2013 Bilans Zdrowia Osoby Doros\u0142ej&#8221;<\/strong>. Program jest bezp\u0142atny, realizowany w ramach NFZ i skierowany do wszystkich ubezpieczonych po uko\u0144czeniu <strong>20. roku \u017cycia<\/strong>. Zast\u0105pi\u0142 dotychczasowy program \u201eProfilaktyka 40 Plus&#8221;.<\/p>\n<p class=\"font-claude-response-body break-words whitespace-normal leading-[1.7]\">Jego celem jest wczesne wykrywanie chor\u00f3b cywilizacyjnych \u2013 kardiologicznych, metabolicznych (m.in. cukrzycy), nowotwor\u00f3w oraz zaburze\u0144 zdrowia psychicznego \u2013 oraz wypracowanie nawyku regularnej troski o w\u0142asne zdrowie.<\/p>\n<h3 class=\"text-text-100 mt-2 -mb-1 text-base font-bold\">Kto mo\u017ce skorzysta\u0107 i jak cz\u0119sto?<\/h3>\n<p class=\"font-claude-response-body break-words whitespace-normal leading-[1.7]\">Z programu mog\u0105 skorzysta\u0107 osoby ubezpieczone w NFZ, kt\u00f3re maj\u0105 z\u0142o\u017con\u0105 deklaracj\u0119 wyboru lekarza POZ w naszej przychodni:<\/p>\n<ul class=\"[li_&amp;]:mb-0 [li_&amp;]:mt-1 [li_&amp;]:gap-1 [&amp;:not(:last-child)_ul]:pb-1 [&amp;:not(:last-child)_ol]:pb-1 list-disc flex flex-col gap-1 pl-8 mb-3\">\n<li class=\"whitespace-normal break-words pl-2\"><strong>osoby w wieku 20\u201349 lat<\/strong> \u2013 raz na 5 lat<\/li>\n<li class=\"whitespace-normal break-words pl-2\"><strong>osoby w wieku 50 lat i wi\u0119cej<\/strong> \u2013 raz na 3 lata<\/li>\n<\/ul>\n<h3 class=\"text-text-100 mt-2 -mb-1 text-base font-bold\">Jak przebiega program?<\/h3>\n<p class=\"font-claude-response-body break-words whitespace-normal leading-[1.7]\"><strong>1. Ankieta zdrowotna<\/strong> Wype\u0142nij kwestionariusz online na stronie pacjent.gov.pl (zak\u0142adka \u201eProfilaktyka&#8221; \u2192 \u201eProgram Moje Zdrowie&#8221;), w aplikacji mojeIKP lub bezpo\u015brednio w rejestracji naszej przychodni. Wype\u0142nienie ankiety jest warunkiem przyst\u0105pienia do programu.<\/p>\n<p class=\"font-claude-response-body break-words whitespace-normal leading-[1.7]\"><strong>2. Badania laboratoryjne<\/strong> Przychodnia skontaktuje si\u0119 z Tob\u0105 w ci\u0105gu 30 dni od wype\u0142nienia ankiety i wystawi skierowanie na badania dopasowane do Twojego wieku, p\u0142ci i odpowiedzi z ankiety. Badania podstawowe obejmuj\u0105 m.in. morfologi\u0119 krwi, glukoz\u0119, lipidogram, TSH, kreatynin\u0119 oraz badanie og\u00f3lne moczu. W zale\u017cno\u015bci od wynik\u00f3w ankiety zakres mo\u017ce zosta\u0107 rozszerzony.<\/p>\n<p class=\"font-claude-response-body break-words whitespace-normal leading-[1.7]\"><strong>3. Wizyta podsumowuj\u0105ca<\/strong> Lekarz lub piel\u0119gniarka om\u00f3wi z Tob\u0105 wyniki bada\u0144, zmierzy ci\u015bnienie, t\u0119tno, wag\u0119 i wzrost. U pacjent\u00f3w po 60. roku \u017cycia zostanie przeprowadzona r\u00f3wnie\u017c ocena podstawowych funkcji poznawczych.<\/p>\n<p class=\"font-claude-response-body break-words whitespace-normal leading-[1.7]\"><strong>4. Indywidualny Plan Zdrowotny<\/strong> Na zako\u0144czenie wizyty otrzymasz spersonalizowany Indywidualny Plan Zdrowotny (IPZ) zawieraj\u0105cy zalecenia dotycz\u0105ce diety i aktywno\u015bci fizycznej, rekomendacje szczepie\u0144, kalendarz bada\u0144 profilaktycznych (w tym onkologicznych) oraz informacje o mo\u017cliwo\u015bciach dalszej diagnostyki i leczenia.<\/p>\n<p class=\"font-claude-response-body break-words whitespace-normal leading-[1.7]\"><strong>5. Porady edukacyjne (w razie potrzeby)<\/strong> Je\u015bli w trakcie programu zostan\u0105 zidentyfikowane czynniki ryzyka, mo\u017cesz skorzysta\u0107 z maksymalnie 2 bezp\u0142atnych porad edukacyjnych \u2013 dietetycznej, piel\u0119gniarskiej, po\u0142o\u017cniczej lub antynikotynowej.<\/p>\n<h3 class=\"text-text-100 mt-2 -mb-1 text-base font-bold\">Wi\u0119cej informacji<\/h3>\n<p class=\"font-claude-response-body break-words whitespace-normal leading-[1.7]\">Szczeg\u00f3\u0142owe informacje o programie, zakresie bada\u0144 oraz odpowiedzi na najcz\u0119\u015bciej zadawane pytania znajdziesz na stronie organizatora: \ud83d\udc49 <strong><a class=\"underline underline underline-offset-2 decoration-1 decoration-current\/40 hover:decoration-current focus:decoration-current\" href=\"https:\/\/mojezdrowiewpoz.pl\/dla-pacjentow\/\">mojezdrowiewpoz.pl\/dla-pacjentow\/<\/a><\/strong><\/p>\n<p class=\"font-claude-response-body break-words whitespace-normal leading-[1.7]\"><em>Nie czekaj \u2013 zadbaj o swoje zdrowie ju\u017c dzi\u015b!<\/em><\/p>\n[\/vc_column_text][\/vc_column][vc_column width=&#8221;1\/3&#8243;][vc_single_image image=&#8221;3312&#8243; img_size=&#8221;full&#8221; alignment=&#8221;center&#8221; onclick=&#8221;custom_link&#8221; css=&#8221;.vc_custom_1611493055025{margin-top: 0px !important;margin-right: 0px !important;margin-bottom: 0px !important;margin-left: 5px !important;padding-top: 0px !important;padding-right: 0px !important;padding-bottom: 0px !important;padding-left: 0px !important;}&#8221; link=&#8221;https:\/\/www.gov.pl\/web\/szczepimysie&#8221;][vc_empty_space][vc_row_inner css=&#8221;.vc_custom_1528357380969{margin-right: 0px !important;padding-top: 10px !important;padding-bottom: 0px !important;background-color: #044f8b !important;}&#8221; el_class=&#8221;module-hours&#8221;][vc_column_inner css=&#8221;.vc_custom_1528353249310{padding: 25px !important;}&#8221;][vc_icon type=&#8221;material&#8221; icon_material=&#8221;vc-material vc-material-schedule&#8221; color=&#8221;white&#8221; size=&#8221;lg&#8221;][vc_column_text css=&#8221;.vc_custom_1528357534758{margin-bottom: 0px !important;padding-bottom: 10px !important;}&#8221;]Przychodnia czynna:<br \/>\nod poniedzia\u0142ku do pi\u0105tku<br \/>\nw godzinach: 7.30 &#8211; 18:.00<\/p>\n<p>Rejestracja telefoniczna pacjent\u00f3w do lekarza poz i poradni specjalistycznych od poniedzia\u0142ku do pi\u0105tku w godzinach: 8.00- 17.00<\/p>\n<p><a class=\"btn-rej\" href=\"https:\/\/pacjent-erejestracja.ezdrowie.ron.mil.pl\/services\/portal\/\">e-Rejestracja \u2192<\/a>[\/vc_column_text][\/vc_column_inner][\/vc_row_inner]<div class=\"publication-downloads\">\n                    <h2 class=\"publish\">Dokumenty do pobrania<\/h2><div class=\"download-file\">\n                        <a href=\"https:\/\/www.wspl.bielsko.pl\/?offshore_dl=3433\" class=\"offshore-download\"><i class=\"fa \" style=\"margin-right:5px;\" aria-hidden=\"true\"><\/i>Kwestionariusz kwalifikacyjny<span>581.30 KB<\/span><\/a>\n                    <\/div>\n                    <ul class=\"download-list list-unstyled\">\n                        \n                    <\/ul>\n                <\/div><div class=\"publication-downloads\">\n                    <div class=\"download-file\">\n                        <a href=\"https:\/\/www.wspl.bielsko.pl\/?offshore_dl=2011\" class=\"offshore-download\"><i class=\"fa \" style=\"margin-right:5px;\" aria-hidden=\"true\"><\/i>O\u015bwiadczenia<span>78.18 KB<\/span><\/a>\n                    <\/div>\n                    <ul class=\"download-list list-unstyled\">\n                        \n                    <\/ul>\n                <\/div><div class=\"publication-downloads\">\n                    <div class=\"download-file\">\n                        <a href=\"https:\/\/www.wspl.bielsko.pl\/?offshore_dl=2010\" class=\"offshore-download\"><i class=\"fa \" style=\"margin-right:5px;\" aria-hidden=\"true\"><\/i>Deklaracja wyboru - POZ<span>228.57 KB<\/span><\/a>\n                    <\/div>\n                    <ul class=\"download-list list-unstyled\">\n                        \n                    <\/ul>\n                <\/div><div class=\"publication-downloads\">\n                    <div class=\"download-file\">\n                        <a href=\"https:\/\/www.wspl.bielsko.pl\/?offshore_dl=2009\" class=\"offshore-download\"><i class=\"fa \" style=\"margin-right:5px;\" aria-hidden=\"true\"><\/i>Deklaracja wyboru - piel\u0119gniarka<span>190.41 KB<\/span><\/a>\n                    <\/div>\n                    <ul class=\"download-list list-unstyled\">\n                        \n                    <\/ul>\n                <\/div><div class=\"publication-downloads\">\n                    <div class=\"download-file\">\n                        <a href=\"https:\/\/www.wspl.bielsko.pl\/?offshore_dl=2008\" class=\"offshore-download\"><i class=\"fa \" style=\"margin-right:5px;\" aria-hidden=\"true\"><\/i>Deklaracja wyboru - po\u0142o\u017cna<span>190.90 KB<\/span><\/a>\n                    <\/div>\n                    <ul class=\"download-list list-unstyled\">\n                        \n                    <\/ul>\n                <\/div>[vc_empty_space][vc_column_text css=&#8221;.vc_custom_1525851079740{padding-top: 35px !important;padding-right: 35px !important;padding-bottom: 1px !important;padding-left: 35px !important;background-color: #ffffff !important;}&#8221; el_class=&#8221;module-post&#8221;]\n\n<div class=\"su-posts su-posts-default-loop \">\n\n\t\n\t\t\t\t\t\n\t\t\t\n\t\t\t<div id=\"su-post-10076\" class=\"su-post \">\n\n\t\t\t\t\n\t\t\t\t<h2 class=\"su-post-title\"><a href=\"https:\/\/www.wspl.bielsko.pl\/site\/zaproszenie-do-skladania-ofert-27042026\/\">Zaproszenie do sk\u0142adania ofert<\/a><\/h2>\n\n\t\t\t\t<div class=\"su-post-meta\">\n\t\t\t\t\tOpublikowano: 27 kwietnia 2026\t\t\t\t<\/div>\n\n\t\t\t\t<div class=\"su-post-excerpt\">\n\t\t\t\t\t<p>Zapytanie ofertowe na \u201eModernizacj\u0119 rejestracji&#8221; budynku g\u0142\u00f3wnego w Wojskowej Specjalistycznej Przychodni Lekarskiej SPZOZ w BielskuBia\u0142ej<\/p>\n\t\t\t\t<\/div>\n\n\t\t\t\t\n\t\t\t<\/div>\n\n\t\t\t\t\t\n\t\t\t\n\t\t\t<div id=\"su-post-9997\" class=\"su-post \">\n\n\t\t\t\t\n\t\t\t\t<h2 class=\"su-post-title\"><a href=\"https:\/\/www.wspl.bielsko.pl\/site\/poszukujemy-specjalisty-ds-zamowien-publicznych\/\">Poszukujemy specjalisty ds. zam\u00f3wie\u0144 publicznych do wsp\u00f3\u0142pracy przy przetargu na aparatur\u0119 medyczn\u0105<\/a><\/h2>\n\n\t\t\t\t<div class=\"su-post-meta\">\n\t\t\t\t\tOpublikowano: 24 kwietnia 2026\t\t\t\t<\/div>\n\n\t\t\t\t<div class=\"su-post-excerpt\">\n\t\t\t\t\t<p>WSPL SPZOZ poszukuje os\u00f3b ch\u0119tnych do podj\u0119cia wsp\u00f3\u0142pracy w celu pomocy przy przeprowadzeniu przetargu nieograniczonego na zakup aparatury medycznej.<\/p>\n\t\t\t\t<\/div>\n\n\t\t\t\t\n\t\t\t<\/div>\n\n\t\t\t\t\t\n\t\t\t\n\t\t\t<div id=\"su-post-9951\" class=\"su-post \">\n\n\t\t\t\t\n\t\t\t\t<h2 class=\"su-post-title\"><a href=\"https:\/\/www.wspl.bielsko.pl\/site\/moje-zdrowie-w-poz-09042026\/\">Moje Zdrowie w POZ<\/a><\/h2>\n\n\t\t\t\t<div class=\"su-post-meta\">\n\t\t\t\t\tOpublikowano: 8 kwietnia 2026\t\t\t\t<\/div>\n\n\t\t\t\t<div class=\"su-post-excerpt\">\n\t\t\t\t\t<p>\u201eMoje Zdrowie&#8221; to nowy, kompleksowy program profilaktyczny Ministerstwa Zdrowia, kt\u00f3ry od maja 2025 roku zast\u0105pi\u0142 program \u201eProfilaktyka 40 Plus&#8221;. Jego celem jest wczesne wykrycie chor\u00f3b cywilizacyjnych i wypracowanie u pacjent\u00f3w nawyku regularnego dbania o zdrowie.<\/p>\n\t\t\t\t<\/div>\n\n\t\t\t\t\n\t\t\t<\/div>\n\n\t\t\t\t\t\n\t\t\t\n\t\t\t<div id=\"su-post-9909\" class=\"su-post \">\n\n\t\t\t\t\n\t\t\t\t<h2 class=\"su-post-title\"><a href=\"https:\/\/www.wspl.bielsko.pl\/site\/ogloszenie-07042026\/\">\u015awiatowy Dzie\u0144 S\u0142u\u017cby Zdrowia<\/a><\/h2>\n\n\t\t\t\t<div class=\"su-post-meta\">\n\t\t\t\t\tOpublikowano: 7 kwietnia 2026\t\t\t\t<\/div>\n\n\t\t\t\t<div class=\"su-post-excerpt\">\n\t\t\t\t\t<p>Z okazji \u015awiatowego Dnia S\u0142u\u017cby Zdrowia sk\u0142adamy wszystkim Pracownikom ochrony zdrowia najserdeczniejsze \u017cyczenia oraz wyrazy uznania.<\/p>\n\t\t\t\t<\/div>\n\n\t\t\t\t\n\t\t\t<\/div>\n\n\t\t\t\t\t\n\t\t\t\n\t\t\t<div id=\"su-post-9864\" class=\"su-post \">\n\n\t\t\t\t\n\t\t\t\t<h2 class=\"su-post-title\"><a href=\"https:\/\/www.wspl.bielsko.pl\/site\/ogloszenie-27032026\/\">Poszukujemy lekarza specjalisty w dziedzinie okulistyki<\/a><\/h2>\n\n\t\t\t\t<div class=\"su-post-meta\">\n\t\t\t\t\tOpublikowano: 27 marca 2026\t\t\t\t<\/div>\n\n\t\t\t\t<div class=\"su-post-excerpt\">\n\t\t\t\t\t<p>Poszukujemy lekarza specjalisty w dziedzinie okulistyki do podj\u0119cia wsp\u00f3\u0142pracy w poradni okulistycznej w ramach kontraktu z Narodowym Funduszem Zdrowia.<\/p>\n\t\t\t\t<\/div>\n\n\t\t\t\t\n\t\t\t<\/div>\n\n\t\t\n\t\n<\/div>\n[\/vc_column_text][vc_images_carousel images=&#8221;3111,3110&#8243; img_size=&#8221;350&#215;500&#8243; autoplay=&#8221;yes&#8221; css=&#8221;.vc_custom_1693292833447{margin-left: 10px !important;}&#8221;][\/vc_column][\/vc_row]\n<\/div>","protected":false},"excerpt":{"rendered":"<p>[vc_row css=&#8221;.vc_custom_1529658307881{margin-top: -276px !important;}&#8221;][vc_column][vc_row_inner gap=&#8221;10&#8243;][vc_column_inner width=&#8221;1\/3&#8243;][ucaddon_uc_image_link_carousel_content title=&#8221;Nasze poradnie&#8221; image=&#8221;1885&#8243; btn_text=&#8221;Lekarze \u2192&#8221; btn_bg_color=&#8221;#2394f0&#8243; title_color=&#8221;#2394f0&#8243; content_color=&#8221;#666666&#8243; link=&#8221;\/site\/#page&#8221; [&hellip;]<\/p>\n","protected":false},"author":1,"featured_media":0,"parent":0,"menu_order":0,"comment_status":"closed","ping_status":"closed","template":"","meta":{"footnotes":""},"class_list":["post-1960","page","type-page","status-publish","hentry"],"_links":{"self":[{"href":"https:\/\/www.wspl.bielsko.pl\/site\/wp-json\/wp\/v2\/pages\/1960","targetHints":{"allow":["GET"]}}],"collection":[{"href":"https:\/\/www.wspl.bielsko.pl\/site\/wp-json\/wp\/v2\/pages"}],"about":[{"href":"https:\/\/www.wspl.bielsko.pl\/site\/wp-json\/wp\/v2\/types\/page"}],"author":[{"embeddable":true,"href":"https:\/\/www.wspl.bielsko.pl\/site\/wp-json\/wp\/v2\/users\/1"}],"replies":[{"embeddable":true,"href":"https:\/\/www.wspl.bielsko.pl\/site\/wp-json\/wp\/v2\/comments?post=1960"}],"version-history":[{"count":36,"href":"https:\/\/www.wspl.bielsko.pl\/site\/wp-json\/wp\/v2\/pages\/1960\/revisions"}],"predecessor-version":[{"id":9991,"href":"https:\/\/www.wspl.bielsko.pl\/site\/wp-json\/wp\/v2\/pages\/1960\/revisions\/9991"}],"wp:attachment":[{"href":"https:\/\/www.wspl.bielsko.pl\/site\/wp-json\/wp\/v2\/media?parent=1960"}],"curies":[{"name":"wp","href":"https:\/\/api.w.org\/{rel}","templated":true}]}}